{"id":1169,"date":"2026-09-02T14:13:50","date_gmt":"2026-09-02T12:13:50","guid":{"rendered":"https:\/\/ioer.org\/?page_id=1169"},"modified":"2026-09-02T14:15:15","modified_gmt":"2026-09-02T12:15:15","slug":"karsten-rudolph","status":"publish","type":"page","link":"https:\/\/ioer.org\/?page_id=1169","title":{"rendered":"Karsten Rudolph"},"content":{"rendered":"<div class=\"wp-block-image\">\n<figure class=\"alignleft size-full\"><img loading=\"lazy\" decoding=\"async\" width=\"320\" height=\"213\" src=\"https:\/\/ioer.org\/wp-content\/uploads\/2026\/09\/karstenRudolph.jpg\" alt=\"\" class=\"wp-image-1171\" srcset=\"https:\/\/ioer.org\/wp-content\/uploads\/2026\/09\/karstenRudolph.jpg 320w, https:\/\/ioer.org\/wp-content\/uploads\/2026\/09\/karstenRudolph-300x200.jpg 300w\" sizes=\"auto, (max-width: 320px) 100vw, 320px\" \/><\/figure>\n<\/div>\n\n\n<p class=\"wp-block-paragraph\">Prof. Dr. Karsten Rudolph ist Historiker. Er lehrt als apl. Professor Neuere und Neueste Geschichte an der Ruhr-Universit\u00e4t Bochum und leitet die Rhein-Ruhr-Gesch\u00e4ftsstelle der Startegieberatung No Drama. Rudolph vertrat einen Lehrstuhl f\u00fcr Sozialgeschichte, war Abgeordneter im nordrhein-westf\u00e4lischen Landtag sowie Leiter f\u00fcr Politische Kommunikation und Parlamentsbeauftragter Br\u00fcssel in einem gro\u00dfen Unternehmen. Er geh\u00f6rte dem WDR-Rundfunkrat u.a. als stellvertretender Vorsitzender und dem WDR-Verwaltungsrat an. Zuletzt erschien von ihm im Verlag C.H. Beck : Sendest\u00f6rung. Aufstieg und Krise des \u00f6ffentlich-rechtlichen Rundfunks.&nbsp;<\/p>\n","protected":false},"excerpt":{"rendered":"<p>Prof. Dr. Karsten Rudolph ist Historiker. Er lehrt als apl. Professor Neuere und Neueste Geschichte an der Ruhr-Universit\u00e4t Bochum und leitet die Rhein-Ruhr-Gesch\u00e4ftsstelle der Startegieberatung No Drama. Rudolph vertrat einen Lehrstuhl f\u00fcr Sozialgeschichte, war Abgeordneter im nordrhein-westf\u00e4lischen Landtag sowie Leiter f\u00fcr Politische Kommunikation und Parlamentsbeauftragter Br\u00fcssel in einem gro\u00dfen Unternehmen. Er geh\u00f6rte dem WDR-Rundfunkrat u.a. als stellvertretender Vorsitzender und dem WDR-Verwaltungsrat an. Zuletzt erschien von ihm im Verlag C.H. Beck : Sendest\u00f6rung. Aufstieg und Krise des \u00f6ffentlich-rechtlichen Rundfunks.&nbsp;<a class=\"more-link\" href=\"https:\/\/ioer.org\/?page_id=1169\">WEITER \u261e<\/a><\/p>\n","protected":false},"author":3,"featured_media":0,"parent":21,"menu_order":0,"comment_status":"closed","ping_status":"closed","template":"","meta":{"footnotes":""},"class_list":["entry","author-gberg","post-1169","page","type-page","status-publish"],"_links":{"self":[{"href":"https:\/\/ioer.org\/index.php?rest_route=\/wp\/v2\/pages\/1169","targetHints":{"allow":["GET"]}}],"collection":[{"href":"https:\/\/ioer.org\/index.php?rest_route=\/wp\/v2\/pages"}],"about":[{"href":"https:\/\/ioer.org\/index.php?rest_route=\/wp\/v2\/types\/page"}],"author":[{"embeddable":true,"href":"https:\/\/ioer.org\/index.php?rest_route=\/wp\/v2\/users\/3"}],"replies":[{"embeddable":true,"href":"https:\/\/ioer.org\/index.php?rest_route=%2Fwp%2Fv2%2Fcomments&post=1169"}],"version-history":[{"count":2,"href":"https:\/\/ioer.org\/index.php?rest_route=\/wp\/v2\/pages\/1169\/revisions"}],"predecessor-version":[{"id":1172,"href":"https:\/\/ioer.org\/index.php?rest_route=\/wp\/v2\/pages\/1169\/revisions\/1172"}],"up":[{"embeddable":true,"href":"https:\/\/ioer.org\/index.php?rest_route=\/wp\/v2\/pages\/21"}],"wp:attachment":[{"href":"https:\/\/ioer.org\/index.php?rest_route=%2Fwp%2Fv2%2Fmedia&parent=1169"}],"curies":[{"name":"wp","href":"https:\/\/api.w.org\/{rel}","templated":true}]}}